{"id":561,"date":"2019-06-11T09:37:41","date_gmt":"2019-06-11T07:37:41","guid":{"rendered":"http:\/\/www.loireenscene.org\/?page_id=561"},"modified":"2023-07-17T16:13:06","modified_gmt":"2023-07-17T14:13:06","slug":"novembre","status":"publish","type":"page","link":"https:\/\/www.loireenscene.org\/index.php\/les-matrus\/novembre\/","title":{"rendered":"Novembre"},"content":{"rendered":"\n\n\t<h3><a href=\"http:\/\/www.loireenscene.org\/index.php\/2023\/07\/17\/un-zoo-poetique\/\" target=\"_blank\" rel=\"noopener\">Un zoo po\u00e9tique<br \/>\nTh\u00e9\u00e2tre de la Tarlatane<\/a><\/h3>\n\t\t\t\t<a href=\"http:\/\/www.loireenscene.org\/index.php\/2023\/07\/17\/un-zoo-poetique\/\" target=\"_blank\" rel=\"noopener\" itemprop=\"url\">\n\t\t\t\t<img loading=\"lazy\" decoding=\"async\" src=\"http:\/\/www.loireenscene.org\/wp-content\/uploads\/2023\/07\/231102-Chok-Theatre-Cie-Coeur-dArt-Co-Un-Zoo-poetique3-e1689601081233.jpeg\" alt=\"231102 - Chok The\u0301a\u0302tre - Cie Coeur d'Art &amp; Co - Un Zoo poe\u0301tique3\" itemprop=\"image\" height=\"453\" width=\"960\" title=\"231102 - Chok The\u0301a\u0302tre - Cie Coeur d'Art &amp; Co - Un Zoo poe\u0301tique3\" onerror=\"this.style.display='none'\"  \/>\n\t\t\t\t<\/a>\n\t<h3><a href=\"http:\/\/www.loireenscene.org\/index.php\/2023\/07\/17\/moi-mon-ombre\/\" target=\"_blank\" rel=\"noopener\">Moi, mon ombre<br \/>\nKa\u00efros Th\u00e9\u00e2tre<\/a><\/h3>\n\t\t\t\t<a href=\"http:\/\/www.loireenscene.org\/index.php\/2023\/07\/17\/moi-mon-ombre\/\" target=\"_blank\" rel=\"noopener\" itemprop=\"url\">\n\t\t\t\t<img loading=\"lazy\" decoding=\"async\" src=\"http:\/\/www.loireenscene.org\/wp-content\/uploads\/2023\/07\/Visuel_MoiMonOmbre1-1-scaled-e1689602370736.jpg\" alt=\"CT0RPT Shadow of a boy on the wall  playing ball.\" itemprop=\"image\" height=\"1222\" width=\"2560\" title=\"Shadow of a boy on the wall  playing ball.\" onerror=\"this.style.display='none'\"  \/>\n\t\t\t\t<\/a>\n\t<h3><a href=\"http:\/\/www.loireenscene.org\/index.php\/2023\/07\/17\/panique-dans-la-foret\/\" target=\"_blank\" rel=\"noopener\">Panique dans la for\u00eat<br \/>\nWeepers Circus<\/a><\/h3>\n\t\t\t\t<a href=\"http:\/\/www.loireenscene.org\/index.php\/2023\/07\/17\/panique-dans-la-foret\/\" target=\"_blank\" rel=\"noopener\" itemprop=\"url\">\n\t\t\t\t<img loading=\"lazy\" decoding=\"async\" src=\"http:\/\/www.loireenscene.org\/wp-content\/uploads\/2023\/07\/Capture-decran-2023-06-08-a-17.46.14-e1689602269124.png\" alt=\"Capture d'e\u0301cran 2023-06-08 a\u0300 17.46.14\" itemprop=\"image\" height=\"398\" width=\"838\" title=\"Capture d'e\u0301cran 2023-06-08 a\u0300 17.46.14\" onerror=\"this.style.display='none'\"  \/>\n\t\t\t\t<\/a>\n\t<h3><a href=\"http:\/\/www.loireenscene.org\/index.php\/2023\/07\/17\/petites-querelles-2\/\" target=\"_blank\" rel=\"noopener\">Petites querelles<br \/>\nTh\u00e9\u00e2tre de la Tarlatane<\/a><\/h3>\n\t\t\t\t<a href=\"http:\/\/www.loireenscene.org\/index.php\/2023\/07\/17\/petites-querelles-2\/\" target=\"_blank\" rel=\"noopener\" itemprop=\"url\">\n\t\t\t\t<img loading=\"lazy\" decoding=\"async\" src=\"http:\/\/www.loireenscene.org\/wp-content\/uploads\/2023\/07\/@Didier-Pourrat-1-e1689602175871.jpg\" alt=\"@Didier Pourrat\" itemprop=\"image\" height=\"762\" width=\"1601\" title=\"@Didier Pourrat\" onerror=\"this.style.display='none'\"  \/>\n\t\t\t\t<\/a>\n\t<h3><a href=\"http:\/\/www.loireenscene.org\/index.php\/2023\/07\/17\/couleur-metisse\/\" target=\"_blank\" rel=\"noopener\">Couleur m\u00e9tisse<br \/>\nLouis Gammino<\/a><\/h3>\n\t\t\t\t<a href=\"http:\/\/www.loireenscene.org\/index.php\/2023\/07\/17\/couleur-metisse\/\" target=\"_blank\" rel=\"noopener\" itemprop=\"url\">\n\t\t\t\t<img decoding=\"async\" src=\"http:\/\/www.loireenscene.org\/wp-content\/uploads\/2023\/07\/446A8181-scaled-e1689599037938.jpg\" alt=\"446A8181\" itemprop=\"image\" title=\"446A8181\" onerror=\"this.style.display='none'\"  \/>\n\t\t\t\t<\/a>\n\t<h3><\/h3>\n\t\t\t\t<a href=\"http:\/\/www.loireenscene.org\/index.php\/2021\/07\/13\/en-traits-meles\/\" target=\"_blank\" rel=\"noopener\" itemprop=\"url\">\n\t\t\t\t<img decoding=\"async\" src=\"http:\/\/www.loireenscene.org\/wp-content\/plugins\/beaver-builder-lite-version\/img\/pixel.png\" alt=\"\" itemprop=\"image\" onerror=\"this.style.display='none'\"  \/>\n\t\t\t\t<\/a>\n\n","protected":false},"excerpt":{"rendered":"<p>Un zoo po\u00e9tique Th\u00e9\u00e2tre de la Tarlatane Moi, mon ombre Ka\u00efros Th\u00e9\u00e2tre Panique dans la for\u00eat Weepers Circus Petites querelles Th\u00e9\u00e2tre de la Tarlatane Couleur m\u00e9tisse Louis Gammino<\/p>\n","protected":false},"author":1,"featured_media":0,"parent":556,"menu_order":0,"comment_status":"closed","ping_status":"closed","template":"","meta":{"spay_email":"","footnotes":""},"tags":[],"_links":{"self":[{"href":"https:\/\/www.loireenscene.org\/index.php\/wp-json\/wp\/v2\/pages\/561"}],"collection":[{"href":"https:\/\/www.loireenscene.org\/index.php\/wp-json\/wp\/v2\/pages"}],"about":[{"href":"https:\/\/www.loireenscene.org\/index.php\/wp-json\/wp\/v2\/types\/page"}],"author":[{"embeddable":true,"href":"https:\/\/www.loireenscene.org\/index.php\/wp-json\/wp\/v2\/users\/1"}],"replies":[{"embeddable":true,"href":"https:\/\/www.loireenscene.org\/index.php\/wp-json\/wp\/v2\/comments?post=561"}],"version-history":[{"count":37,"href":"https:\/\/www.loireenscene.org\/index.php\/wp-json\/wp\/v2\/pages\/561\/revisions"}],"predecessor-version":[{"id":3483,"href":"https:\/\/www.loireenscene.org\/index.php\/wp-json\/wp\/v2\/pages\/561\/revisions\/3483"}],"up":[{"embeddable":true,"href":"https:\/\/www.loireenscene.org\/index.php\/wp-json\/wp\/v2\/pages\/556"}],"wp:attachment":[{"href":"https:\/\/www.loireenscene.org\/index.php\/wp-json\/wp\/v2\/media?parent=561"}],"wp:term":[{"taxonomy":"post_tag","embeddable":true,"href":"https:\/\/www.loireenscene.org\/index.php\/wp-json\/wp\/v2\/tags?post=561"}],"curies":[{"name":"wp","href":"https:\/\/api.w.org\/{rel}","templated":true}]}}